{"id":1054,"date":"2025-01-10T18:30:12","date_gmt":"2025-01-10T17:30:12","guid":{"rendered":"5910847b-f30c-40ed-8a4f-4e132e26374b"},"modified":"2025-02-20T17:11:02","modified_gmt":"2025-02-20T16:11:02","slug":"zwei-ueber-null-002-osan-verveine-curcuma-und-betterave-mure","status":"publish","type":"podcast","link":"https:\/\/www.zweiuebernull.de\/index.php\/2025\/01\/10\/zwei-ueber-null-002-osan-verveine-curcuma-und-betterave-mure\/","title":{"rendered":"Zwei \u00fcber Null 002: Osan \u00bbVerveine Curcuma\u00ab und \u00bbBetterave M\u00fbre\u00ab"},"content":{"rendered":"\n    \n            <div class=\"podlove-web-player intrinsic-ignore podlove-web-player-loading\" id=\"player-69f4b082bd50b\"><root data-test=\"player--xl\" style=\"max-width:950px;min-width:260px;\">\n  <div class=\"tablet:px-6 tablet:pt-6 mobile:px-4 mobile:pt-4 flex flex-col\">\n    <div class=\"flex-col items-center mobile:flex tablet:hidden\">\n      <show-title class=\"text-sm\"><\/show-title>\n      <episode-title class=\"text-base mb-2\"><\/episode-title>\n      <subscribe-button class=\"mb-4 mobile:flex tablet:hidden\"><\/subscribe-button>\n      <poster class=\"rounded-sm w-48 shadow overflow-hidden\"><\/poster>\n      <divider class=\"w-full my-6\"><\/divider>\n    <\/div>\n\n    <div class=\"tablet:flex flex-grow\">\n      <div class=\"w-64 mobile:hidden tablet:block tablet:mr-6\">\n        <poster class=\"rounded-sm shadow overflow-hidden\"><\/poster>\n      <\/div>\n      <div class=\"w-full\">\n        <div class=\"hidden tablet:block\">\n          <show-title class=\"text-base\"><\/show-title>\n          <episode-title class=\"text-xl desktop:text-2xl\"><\/episode-title>\n          <divider class=\"w-full my-4\"><\/divider>\n        <\/div>\n        <div class=\"flex items-center justify-between\">\n          <div class=\"block\">\n            <play-state on=\"active\">\n              <speed-control class=\"flex items-center\"><\/speed-control>\n            <\/play-state>\n          <\/div>\n\n          <div class=\"flex\">\n            <play-state on=\"active\">\n              <chapter-previous class=\"mx-2 block\"><\/chapter-previous>\n            <\/play-state>\n            <play-state on=\"active\">\n              <step-backward class=\"mx-2 block\"><\/step-backward>\n            <\/play-state>\n\n            <play-button class=\"mx-2 block\" :label=\"$t('PLAYER.PLAY_EPISODE')\"><\/play-button>\n\n            <play-state on=\"active\">\n              <step-forward class=\"mx-2 block\"><\/step-forward>\n            <\/play-state>\n            <play-state on=\"active\">\n              <chapter-next class=\"mx-2 block\"><\/chapter-next>\n            <\/play-state>\n          <\/div>\n\n          <div class=\"block\">\n            <play-state on=\"active\">\n              <volume-control class=\"flex items-center\"><\/volume-control>\n            <\/play-state>\n          <\/div>\n        <\/div>\n        <div class=\"flex w-full\">\n          <progress-bar><\/progress-bar>\n        <\/div>\n        <div class=\"flex w-full -mt-2\">\n          <div class=\"w-3\/12 text-left\">\n            <timer-current class=\"text-sm\"><\/timer-current>\n          <\/div>\n          <div class=\"w-6\/12 text-center truncate\">\n            <play-state on=\"active\">\n              <current-chapter class=\"text-sm\"><\/current-chapter>\n            <\/play-state>\n          <\/div>\n          <div class=\"w-3\/12 text-right\">\n            <timer-duration class=\"text-sm\"><\/timer-duration>\n          <\/div>\n        <\/div>\n      <\/div>\n    <\/div>\n    <divider class=\"w-full mt-6 mb-3\"><\/divider>\n    <div class=\"flex justify-between\">\n      <div class=\"flex mobile:w-full tablet:w-3\/12 desktop:w-3\/12 justify-between\">\n        <tab-trigger tab=\"chapters\">\n          <icon type=\"chapter\"><\/icon>\n        <\/tab-trigger>\n        <tab-trigger tab=\"transcripts\">\n          <icon type=\"transcripts\"><\/icon>\n        <\/tab-trigger>\n        <tab-trigger tab=\"files\">\n          <icon type=\"download\"><\/icon>\n        <\/tab-trigger>\n        <tab-trigger tab=\"playlist\">\n          <icon type=\"playlist\"><\/icon>\n        <\/tab-trigger>\n        <tab-trigger tab=\"share\">\n          <icon type=\"share\"><\/icon>\n        <\/tab-trigger>\n      <\/div>\n      <subscribe-button class=\"mt-1 mobile:hidden tablet:flex\"><\/subscribe-button>\n    <\/div>\n  <\/div>\n  <div class=\"w-full relative overflow-hidden\">\n    <tab name=\"chapters\">\n      <tab-chapters><\/tab-chapters>\n    <\/tab>\n    <tab name=\"transcripts\">\n      <tab-transcripts><\/tab-transcripts>\n    <\/tab>\n    <tab name=\"files\">\n      <tab-files><\/tab-files>\n    <\/tab>\n    <tab name=\"playlist\">\n      <tab-playlist><\/tab-playlist>\n    <\/tab>\n    <tab name=\"share\">\n      <tab-share><\/tab-share>\n    <\/tab>\n    <tab-overflow><\/tab-overflow>\n  <\/div>\n  <error><\/error>\n<\/root>\n<\/div>\n            <script>\n              document.addEventListener(\"DOMContentLoaded\", function() {\n                var player = document.getElementById(\"player-69f4b082bd50b\");\n                podlovePlayerCache.add([{\"url\":\"https:\\\/\\\/www.zweiuebernull.de\\\/index.php\\\/wp-json\\\/podlove-web-player\\\/shortcode\\\/publisher\\\/1054\",\"data\":{\"version\":5,\"show\":{\"title\":\"Zwei \\u00fcber Null\",\"subtitle\":\"Der Podcast \\u00fcber Getr\\u00e4nke mit no und low Alkohol\",\"summary\":\"Anne Tenschert und Christoph Raffelt sprechen alle zwei Wochen \\u00fcber besondere Getr\\u00e4nke mit no und low Alkohol, die Alternativen zu einer klassischen Getr\\u00e4nkebegleitung bieten.\",\"poster\":\"https:\\\/\\\/www.zweiuebernull.de\\\/podlove\\\/image\\\/68747470733a2f2f7777772e7a77656975656265726e756c6c2e64652f77702d636f6e74656e742f75706c6f6164732f323032352f30312f5a754e5f313430302e6a7067\\\/500\\\/0\\\/0\\\/zwei-ueber-null\",\"link\":\"https:\\\/\\\/www.zweiuebernull.de\"},\"title\":\"Zwei \\u00fcber Null 002: Osan \\u00bbVerveine Curcuma\\u00ab und \\u00bbBetterave M\\u00fbre\\u00ab\",\"subtitle\":\"Zwei aus Belgien stammende Getr\\u00e4nke, die zur asiatisch-franz\\u00f6sischen Fusion-K\\u00fcche konzipiert wurden.\",\"summary\":\"\",\"publicationDate\":\"2025-01-10T18:30:12+01:00\",\"duration\":\"00:12:58.161\",\"poster\":\"https:\\\/\\\/www.zweiuebernull.de\\\/podlove\\\/image\\\/68747470733a2f2f7777772e7a77656975656265726e756c6c2e64652f77702d636f6e74656e742f75706c6f6164732f323032352f30312f5a754e5f313430302e6a7067\\\/500\\\/0\\\/0\\\/zwei-ueber-null\",\"link\":\"https:\\\/\\\/www.zweiuebernull.de\\\/index.php\\\/2025\\\/01\\\/10\\\/zwei-ueber-null-002-osan-verveine-curcuma-und-betterave-mure\\\/\",\"chapters\":[],\"audio\":[{\"url\":\"https:\\\/\\\/www.zweiuebernull.de\\\/podlove\\\/file\\\/6\\\/s\\\/webplayer\\\/c\\\/website\\\/ZuN002.mp3\",\"size\":\"6396123\",\"title\":\"MP3 Audio (mp3)\",\"mimeType\":\"audio\\\/mpeg\"}],\"files\":[{\"url\":\"https:\\\/\\\/www.zweiuebernull.de\\\/podlove\\\/file\\\/6\\\/s\\\/webplayer\\\/ZuN002.mp3\",\"size\":\"6396123\",\"title\":\"MP3 Audio\",\"mimeType\":\"audio\\\/mpeg\"}]}}, {\"url\":\"https:\\\/\\\/www.zweiuebernull.de\\\/index.php\\\/wp-json\\\/podlove-web-player\\\/shortcode\\\/config\\\/default\\\/theme\\\/default\",\"data\":{\"activeTab\":\"chapters\",\"subscribe-button\":null,\"share\":{\"channels\":[\"facebook\",\"twitter\",\"whats-app\",\"linkedin\",\"pinterest\",\"xing\",\"mail\",\"link\"],\"outlet\":\"https:\\\/\\\/www.zweiuebernull.de\\\/wp-content\\\/plugins\\\/podlove-web-player\\\/web-player\\\/share.html\",\"sharePlaytime\":true},\"related-episodes\":{\"source\":\"podcast\",\"value\":null},\"version\":5,\"playlist\":\"https:\\\/\\\/www.zweiuebernull.de\\\/index.php\\\/wp-json\\\/podlove-web-player\\\/shortcode\\\/podcast\",\"theme\":{\"tokens\":{\"brand\":\"#E64415\",\"brandDark\":\"#235973\",\"brandDarkest\":\"#1A3A4A\",\"brandLightest\":\"#E9F1F5\",\"shadeDark\":\"#807E7C\",\"shadeBase\":\"#807E7C\",\"contrast\":\"#000\",\"alt\":\"#fff\"},\"fonts\":{\"ci\":{\"name\":\"ci\",\"family\":[\"-apple-system\",\"BlinkMacSystemFont\",\"Segoe UI\",\"Roboto\",\"Helvetica\",\"Arial\",\"sans-serif\",\"Apple Color Emoji\",\"Segoe UI Emoji\\\", \\\"Segoe UI Symbol\"],\"src\":[],\"weight\":800},\"regular\":{\"name\":\"regular\",\"family\":[\"-apple-system\",\"BlinkMacSystemFont\",\"Segoe UI\",\"Roboto\",\"Helvetica\",\"Arial\",\"sans-serif\",\"Apple Color Emoji\",\"Segoe UI Emoji\\\", \\\"Segoe UI Symbol\"],\"src\":[],\"weight\":300},\"bold\":{\"name\":\"bold\",\"family\":[\"-apple-system\",\"BlinkMacSystemFont\",\"Segoe UI\",\"Roboto\",\"Helvetica\",\"Arial\",\"sans-serif\",\"Apple Color Emoji\",\"Segoe UI Emoji\\\", \\\"Segoe UI Symbol\"],\"src\":[],\"weight\":700}}},\"base\":\"https:\\\/\\\/www.zweiuebernull.de\\\/wp-content\\\/plugins\\\/podlove-web-player\\\/web-player\\\/\"}}]);\n                podlovePlayer(player, \"https:\/\/www.zweiuebernull.de\/index.php\/wp-json\/podlove-web-player\/shortcode\/publisher\/1054\", \"https:\/\/www.zweiuebernull.de\/index.php\/wp-json\/podlove-web-player\/shortcode\/config\/default\/theme\/default\").then(function() {\n                  player && player.classList.remove(\"podlove-web-player-loading\");\n                });\n              });\n            <\/script>\n            <style>\n              .podlove-web-player.podlove-web-player-loading {\n                opacity: 0;\n              }\n            <\/style>\n        \n\n\n\n<div style=\"height:25px\" aria-hidden=\"true\" class=\"wp-block-spacer\"><\/div>\n\n\n\n<p>In der zweiten Folge unseres Podcasts \u00fcber No und Low Alkohol stellt Christoph zwei Getr\u00e4nke des belgischen Sternekochs Sang Hoon Degeimbre&nbsp;vor, die er urspr\u00fcnglich f\u00fcr sein Restaurant L&#8217;Air du Temps in Liernu konzipiert hat. Es sind <strong>Osan Verbene und Kurkuma<\/strong> sowie <strong>Osan rote Beete und Brombeere<\/strong>.<\/p>\n\n\n\n<div style=\"height:25px\" aria-hidden=\"true\" class=\"wp-block-spacer\"><\/div>\n\n\n<div class=\"wp-block-image\">\n<figure class=\"alignleft size-full is-resized\"><img loading=\"lazy\" decoding=\"async\" width=\"1200\" height=\"1200\" src=\"https:\/\/www.zweiuebernull.de\/wp-content\/uploads\/2025\/01\/ZuN002_Osan.jpg\" alt=\"\" class=\"wp-image-1056\" style=\"object-fit:cover;width:300px;height:300px\"\/><\/figure>\n<\/div>\n\n\n<p>Die beiden Getr\u00e4nke haben wir beim franz\u00f6sischen Weinh\u00e4ndler <strong><a href=\"https:\/\/www.cavepurjus.com\/en\/sans-alcool\/\" data-type=\"link\" data-id=\"https:\/\/www.cavepurjus.com\/en\/sans-alcool\/\" target=\"_blank\" rel=\"noreferrer noopener\">Pur Jus<\/a><\/strong> f\u00fcr jeweils \u20ac 15.50 erworben. Die Website von Osan gibts <a href=\"https:\/\/osandrinks.com\/\" data-type=\"link\" data-id=\"https:\/\/osandrinks.com\/\" target=\"_blank\" rel=\"noreferrer noopener\">hier<\/a>.<\/p>\n\n\n\n<p><\/p>\n\n\n\n<p><\/p>\n\n\n\n<p><\/p>\n\n\n\n<p><\/p>\n\n\n\n<div style=\"height:30px\" aria-hidden=\"true\" class=\"wp-block-spacer\"><\/div>\n","protected":false},"author":2,"featured_media":1056,"comment_status":"closed","ping_status":"open","template":"","meta":{"footnotes":""},"tags":[22,19],"class_list":["post-1054","podcast","type-podcast","status-publish","has-post-thumbnail","hentry","tag-gehobene-essensbegleitung","tag-no-alkohol","post"],"_links":{"self":[{"href":"https:\/\/www.zweiuebernull.de\/index.php\/wp-json\/wp\/v2\/episodes\/1054","targetHints":{"allow":["GET"]}}],"collection":[{"href":"https:\/\/www.zweiuebernull.de\/index.php\/wp-json\/wp\/v2\/episodes"}],"about":[{"href":"https:\/\/www.zweiuebernull.de\/index.php\/wp-json\/wp\/v2\/types\/podcast"}],"author":[{"embeddable":true,"href":"https:\/\/www.zweiuebernull.de\/index.php\/wp-json\/wp\/v2\/users\/2"}],"replies":[{"embeddable":true,"href":"https:\/\/www.zweiuebernull.de\/index.php\/wp-json\/wp\/v2\/comments?post=1054"}],"version-history":[{"count":3,"href":"https:\/\/www.zweiuebernull.de\/index.php\/wp-json\/wp\/v2\/episodes\/1054\/revisions"}],"predecessor-version":[{"id":1065,"href":"https:\/\/www.zweiuebernull.de\/index.php\/wp-json\/wp\/v2\/episodes\/1054\/revisions\/1065"}],"wp:featuredmedia":[{"embeddable":true,"href":"https:\/\/www.zweiuebernull.de\/index.php\/wp-json\/wp\/v2\/media\/1056"}],"wp:attachment":[{"href":"https:\/\/www.zweiuebernull.de\/index.php\/wp-json\/wp\/v2\/media?parent=1054"}],"wp:term":[{"taxonomy":"post_tag","embeddable":true,"href":"https:\/\/www.zweiuebernull.de\/index.php\/wp-json\/wp\/v2\/tags?post=1054"}],"curies":[{"name":"wp","href":"https:\/\/api.w.org\/{rel}","templated":true}]}}