{"id":1140,"date":"2025-08-15T09:00:00","date_gmt":"2025-08-15T07:00:00","guid":{"rendered":"1646bb0a-2208-4323-8496-dbca1f1a2583"},"modified":"2025-08-07T15:21:55","modified_gmt":"2025-08-07T13:21:55","slug":"zwei-ueber-null-017-klaar-fruchtfermente-proxy-rose-und-proxy-rot","status":"publish","type":"podcast","link":"https:\/\/www.zweiuebernull.de\/index.php\/2025\/08\/15\/zwei-ueber-null-017-klaar-fruchtfermente-proxy-rose-und-proxy-rot\/","title":{"rendered":"Zwei \u00fcber Null 017: Klaar Fruchtfermente \u2013 Proxy Ros\u00e9 und Proxy Rot"},"content":{"rendered":"\n    \n            <div class=\"podlove-web-player intrinsic-ignore podlove-web-player-loading\" id=\"player-69f2ac684308e\"><root data-test=\"player--xl\" style=\"max-width:950px;min-width:260px;\">\n  <div class=\"tablet:px-6 tablet:pt-6 mobile:px-4 mobile:pt-4 flex flex-col\">\n    <div class=\"flex-col items-center mobile:flex tablet:hidden\">\n      <show-title class=\"text-sm\"><\/show-title>\n      <episode-title class=\"text-base mb-2\"><\/episode-title>\n      <subscribe-button class=\"mb-4 mobile:flex tablet:hidden\"><\/subscribe-button>\n      <poster class=\"rounded-sm w-48 shadow overflow-hidden\"><\/poster>\n      <divider class=\"w-full my-6\"><\/divider>\n    <\/div>\n\n    <div class=\"tablet:flex flex-grow\">\n      <div class=\"w-64 mobile:hidden tablet:block tablet:mr-6\">\n        <poster class=\"rounded-sm shadow overflow-hidden\"><\/poster>\n      <\/div>\n      <div class=\"w-full\">\n        <div class=\"hidden tablet:block\">\n          <show-title class=\"text-base\"><\/show-title>\n          <episode-title class=\"text-xl desktop:text-2xl\"><\/episode-title>\n          <divider class=\"w-full my-4\"><\/divider>\n        <\/div>\n        <div class=\"flex items-center justify-between\">\n          <div class=\"block\">\n            <play-state on=\"active\">\n              <speed-control class=\"flex items-center\"><\/speed-control>\n            <\/play-state>\n          <\/div>\n\n          <div class=\"flex\">\n            <play-state on=\"active\">\n              <chapter-previous class=\"mx-2 block\"><\/chapter-previous>\n            <\/play-state>\n            <play-state on=\"active\">\n              <step-backward class=\"mx-2 block\"><\/step-backward>\n            <\/play-state>\n\n            <play-button class=\"mx-2 block\" :label=\"$t('PLAYER.PLAY_EPISODE')\"><\/play-button>\n\n            <play-state on=\"active\">\n              <step-forward class=\"mx-2 block\"><\/step-forward>\n            <\/play-state>\n            <play-state on=\"active\">\n              <chapter-next class=\"mx-2 block\"><\/chapter-next>\n            <\/play-state>\n          <\/div>\n\n          <div class=\"block\">\n            <play-state on=\"active\">\n              <volume-control class=\"flex items-center\"><\/volume-control>\n            <\/play-state>\n          <\/div>\n        <\/div>\n        <div class=\"flex w-full\">\n          <progress-bar><\/progress-bar>\n        <\/div>\n        <div class=\"flex w-full -mt-2\">\n          <div class=\"w-3\/12 text-left\">\n            <timer-current class=\"text-sm\"><\/timer-current>\n          <\/div>\n          <div class=\"w-6\/12 text-center truncate\">\n            <play-state on=\"active\">\n              <current-chapter class=\"text-sm\"><\/current-chapter>\n            <\/play-state>\n          <\/div>\n          <div class=\"w-3\/12 text-right\">\n            <timer-duration class=\"text-sm\"><\/timer-duration>\n          <\/div>\n        <\/div>\n      <\/div>\n    <\/div>\n    <divider class=\"w-full mt-6 mb-3\"><\/divider>\n    <div class=\"flex justify-between\">\n      <div class=\"flex mobile:w-full tablet:w-3\/12 desktop:w-3\/12 justify-between\">\n        <tab-trigger tab=\"chapters\">\n          <icon type=\"chapter\"><\/icon>\n        <\/tab-trigger>\n        <tab-trigger tab=\"transcripts\">\n          <icon type=\"transcripts\"><\/icon>\n        <\/tab-trigger>\n        <tab-trigger tab=\"files\">\n          <icon type=\"download\"><\/icon>\n        <\/tab-trigger>\n        <tab-trigger tab=\"playlist\">\n          <icon type=\"playlist\"><\/icon>\n        <\/tab-trigger>\n        <tab-trigger tab=\"share\">\n          <icon type=\"share\"><\/icon>\n        <\/tab-trigger>\n      <\/div>\n      <subscribe-button class=\"mt-1 mobile:hidden tablet:flex\"><\/subscribe-button>\n    <\/div>\n  <\/div>\n  <div class=\"w-full relative overflow-hidden\">\n    <tab name=\"chapters\">\n      <tab-chapters><\/tab-chapters>\n    <\/tab>\n    <tab name=\"transcripts\">\n      <tab-transcripts><\/tab-transcripts>\n    <\/tab>\n    <tab name=\"files\">\n      <tab-files><\/tab-files>\n    <\/tab>\n    <tab name=\"playlist\">\n      <tab-playlist><\/tab-playlist>\n    <\/tab>\n    <tab name=\"share\">\n      <tab-share><\/tab-share>\n    <\/tab>\n    <tab-overflow><\/tab-overflow>\n  <\/div>\n  <error><\/error>\n<\/root>\n<\/div>\n            <script>\n              document.addEventListener(\"DOMContentLoaded\", function() {\n                var player = document.getElementById(\"player-69f2ac684308e\");\n                podlovePlayerCache.add([{\"url\":\"https:\\\/\\\/www.zweiuebernull.de\\\/index.php\\\/wp-json\\\/podlove-web-player\\\/shortcode\\\/publisher\\\/1140\",\"data\":{\"version\":5,\"show\":{\"title\":\"Zwei \\u00fcber Null\",\"subtitle\":\"Der Podcast \\u00fcber Getr\\u00e4nke mit no und low Alkohol\",\"summary\":\"Anne Tenschert und Christoph Raffelt sprechen alle zwei Wochen \\u00fcber besondere Getr\\u00e4nke mit no und low Alkohol, die Alternativen zu einer klassischen Getr\\u00e4nkebegleitung bieten.\",\"poster\":\"https:\\\/\\\/www.zweiuebernull.de\\\/podlove\\\/image\\\/68747470733a2f2f7777772e7a77656975656265726e756c6c2e64652f77702d636f6e74656e742f75706c6f6164732f323032352f30312f5a754e5f313430302e6a7067\\\/500\\\/0\\\/0\\\/zwei-ueber-null\",\"link\":\"https:\\\/\\\/www.zweiuebernull.de\"},\"title\":\"Zwei \\u00fcber Null 017: Klaar Fruchtfermente \\u2013 Proxy Ros\\u00e9 und Proxy Rot\",\"subtitle\":\"Wir probieren zwei Getr\\u00e4nke von Klaar Fruchtfermente, die\",\"summary\":\"\",\"publicationDate\":\"2025-08-15T09:00:00+02:00\",\"duration\":\"00:12:46.406\",\"poster\":\"https:\\\/\\\/www.zweiuebernull.de\\\/podlove\\\/image\\\/68747470733a2f2f7777772e7a77656975656265726e756c6c2e64652f77702d636f6e74656e742f75706c6f6164732f323032352f30312f5a754e5f313430302e6a7067\\\/500\\\/0\\\/0\\\/zwei-ueber-null\",\"link\":\"https:\\\/\\\/www.zweiuebernull.de\\\/index.php\\\/2025\\\/08\\\/15\\\/zwei-ueber-null-017-klaar-fruchtfermente-proxy-rose-und-proxy-rot\\\/\",\"chapters\":[],\"audio\":[{\"url\":\"https:\\\/\\\/www.zweiuebernull.de\\\/podlove\\\/file\\\/22\\\/s\\\/webplayer\\\/c\\\/website\\\/ZuN017.mp3\",\"size\":\"6207867\",\"title\":\"MP3 Audio (mp3)\",\"mimeType\":\"audio\\\/mpeg\"}],\"files\":[{\"url\":\"https:\\\/\\\/www.zweiuebernull.de\\\/podlove\\\/file\\\/22\\\/s\\\/webplayer\\\/ZuN017.mp3\",\"size\":\"6207867\",\"title\":\"MP3 Audio\",\"mimeType\":\"audio\\\/mpeg\"}]}}, {\"url\":\"https:\\\/\\\/www.zweiuebernull.de\\\/index.php\\\/wp-json\\\/podlove-web-player\\\/shortcode\\\/config\\\/default\\\/theme\\\/default\",\"data\":{\"activeTab\":\"chapters\",\"subscribe-button\":null,\"share\":{\"channels\":[\"facebook\",\"twitter\",\"whats-app\",\"linkedin\",\"pinterest\",\"xing\",\"mail\",\"link\"],\"outlet\":\"https:\\\/\\\/www.zweiuebernull.de\\\/wp-content\\\/plugins\\\/podlove-web-player\\\/web-player\\\/share.html\",\"sharePlaytime\":true},\"related-episodes\":{\"source\":\"podcast\",\"value\":null},\"version\":5,\"playlist\":\"https:\\\/\\\/www.zweiuebernull.de\\\/index.php\\\/wp-json\\\/podlove-web-player\\\/shortcode\\\/podcast\",\"theme\":{\"tokens\":{\"brand\":\"#E64415\",\"brandDark\":\"#235973\",\"brandDarkest\":\"#1A3A4A\",\"brandLightest\":\"#E9F1F5\",\"shadeDark\":\"#807E7C\",\"shadeBase\":\"#807E7C\",\"contrast\":\"#000\",\"alt\":\"#fff\"},\"fonts\":{\"ci\":{\"name\":\"ci\",\"family\":[\"-apple-system\",\"BlinkMacSystemFont\",\"Segoe UI\",\"Roboto\",\"Helvetica\",\"Arial\",\"sans-serif\",\"Apple Color Emoji\",\"Segoe UI Emoji\\\", \\\"Segoe UI Symbol\"],\"src\":[],\"weight\":800},\"regular\":{\"name\":\"regular\",\"family\":[\"-apple-system\",\"BlinkMacSystemFont\",\"Segoe UI\",\"Roboto\",\"Helvetica\",\"Arial\",\"sans-serif\",\"Apple Color Emoji\",\"Segoe UI Emoji\\\", \\\"Segoe UI Symbol\"],\"src\":[],\"weight\":300},\"bold\":{\"name\":\"bold\",\"family\":[\"-apple-system\",\"BlinkMacSystemFont\",\"Segoe UI\",\"Roboto\",\"Helvetica\",\"Arial\",\"sans-serif\",\"Apple Color Emoji\",\"Segoe UI Emoji\\\", \\\"Segoe UI Symbol\"],\"src\":[],\"weight\":700}}},\"base\":\"https:\\\/\\\/www.zweiuebernull.de\\\/wp-content\\\/plugins\\\/podlove-web-player\\\/web-player\\\/\"}}]);\n                podlovePlayer(player, \"https:\/\/www.zweiuebernull.de\/index.php\/wp-json\/podlove-web-player\/shortcode\/publisher\/1140\", \"https:\/\/www.zweiuebernull.de\/index.php\/wp-json\/podlove-web-player\/shortcode\/config\/default\/theme\/default\").then(function() {\n                  player && player.classList.remove(\"podlove-web-player-loading\");\n                });\n              });\n            <\/script>\n            <style>\n              .podlove-web-player.podlove-web-player-loading {\n                opacity: 0;\n              }\n            <\/style>\n        \n\n\n\n<div style=\"height:25px\" aria-hidden=\"true\" class=\"wp-block-spacer\"><\/div>\n\n\n\n<p>Arno Lenz hat sich auf Getr\u00e4nke mit Kernobstbasis spezialisiert. Er erzeugt die <strong><a href=\"https:\/\/www.klaar-fruchtfermente.de\" data-type=\"link\" data-id=\"https:\/\/www.klaar-fruchtfermente.de\" target=\"_blank\" rel=\"noreferrer noopener\">Klaar Fruchtfermente<\/a><\/strong> in Knese am Schaalsee. Angefangen hat er mit Apfelweinen, also Cider oder Cidre, hat dann zus\u00e4tzlich eine Reihe von so genannten Pomquettes mit wenig Alkohol entwickelt und dann \u2013 urspr\u00fcnglich f\u00fcr den Berliner Wein-, No- und Low-Getr\u00e4nkeh\u00e4ndler <strong><a href=\"https:\/\/viniculture.de\/\" data-type=\"link\" data-id=\"https:\/\/viniculture.de\/\" target=\"_blank\" rel=\"noreferrer noopener\">Viniculture<\/a><\/strong> \u2013 die hier besprochenen Proxies. Wer mehr \u00fcber Arno und Klaar erfahren m\u00f6chte, m\u00f6ge sich Christophs Gespr\u00e4ch mit ihm in seinem Podcast Originalverkorkt, Folge <strong><a href=\"https:\/\/www.originalverkorkt.de\/2023\/06\/obp214-im-gespraech-mit-arno-lenz-ueber-klaar-fruchtfermente\/\" data-type=\"link\" data-id=\"https:\/\/www.originalverkorkt.de\/2023\/06\/obp214-im-gespraech-mit-arno-lenz-ueber-klaar-fruchtfermente\/\" target=\"_blank\" rel=\"noreferrer noopener\">OVP214<\/a><\/strong> anh\u00f6ren.<\/p>\n\n\n\n<div style=\"height:25px\" aria-hidden=\"true\" class=\"wp-block-spacer\"><\/div>\n\n\n\n<p><\/p>\n\n\n<div class=\"wp-block-image\">\n<figure class=\"alignleft size-full is-resized\"><img loading=\"lazy\" decoding=\"async\" width=\"1188\" height=\"1188\" src=\"https:\/\/www.zweiuebernull.de\/wp-content\/uploads\/2025\/08\/ZuN017.jpg\" alt=\"\" class=\"wp-image-1141\" style=\"object-fit:cover;width:300px;height:300px\"\/><\/figure>\n<\/div>\n\n\n<p>Die beiden Getr\u00e4nke gibt es bei Klaar im Online-Shop. Aktuell kostet der \u00bb<a href=\"https:\/\/kernobstmanufaktur.de\/products\/proxy-rose?pr_prod_strat=e5_desc&amp;pr_rec_id=d11b5fea6&amp;pr_rec_pid=9378636988758&amp;pr_ref_pid=9378618835286&amp;pr_seq=uniform\" data-type=\"link\" data-id=\"https:\/\/kernobstmanufaktur.de\/products\/proxy-rose?pr_prod_strat=e5_desc&amp;pr_rec_id=d11b5fea6&amp;pr_rec_pid=9378636988758&amp;pr_ref_pid=9378618835286&amp;pr_seq=uniform\" target=\"_blank\" rel=\"noreferrer noopener\">Proxy Ros\u00e9<\/a>\u00ab \u20ac 15,- und der \u00bb<a href=\"https:\/\/kernobstmanufaktur.de\/products\/proxy-rot?pr_prod_strat=e5_desc&amp;pr_rec_id=d11b5fea6&amp;pr_rec_pid=9378643050838&amp;pr_ref_pid=9378618835286&amp;pr_seq=uniform\" data-type=\"link\" data-id=\"https:\/\/kernobstmanufaktur.de\/products\/proxy-rot?pr_prod_strat=e5_desc&amp;pr_rec_id=d11b5fea6&amp;pr_rec_pid=9378643050838&amp;pr_ref_pid=9378618835286&amp;pr_seq=uniform\" target=\"_blank\" rel=\"noreferrer noopener\">Proxy Rot<\/a>\u00ab \u20ac 12,50. Im Shop gibt es zudem ein Bundle, wo ein \u00bbProxy Wei\u00df\u00ab mit dabei ist, der in Zusammenarbeit mit Nature&#8217;s Calling entstanden ist. Dieses <a href=\"https:\/\/kernobstmanufaktur.de\/products\/proxy-bundle\" data-type=\"link\" data-id=\"https:\/\/kernobstmanufaktur.de\/products\/proxy-bundle\" target=\"_blank\" rel=\"noreferrer noopener\">Bunde<\/a> kostet dann \u20ac 38,-.<\/p>\n\n\n\n<p><\/p>\n\n\n\n<p><\/p>\n\n\n\n<p><\/p>\n\n\n\n<p><\/p>\n\n\n\n<div style=\"height:30px\" aria-hidden=\"true\" class=\"wp-block-spacer\"><\/div>\n","protected":false},"author":2,"featured_media":1141,"comment_status":"open","ping_status":"open","template":"","meta":{"footnotes":""},"tags":[27,40,22,23,36],"class_list":["post-1140","podcast","type-podcast","status-publish","has-post-thumbnail","hentry","tag-aromatisiert","tag-fermentation","tag-gehobene-essensbegleitung","tag-low-alkohol","tag-saft","post"],"_links":{"self":[{"href":"https:\/\/www.zweiuebernull.de\/index.php\/wp-json\/wp\/v2\/episodes\/1140","targetHints":{"allow":["GET"]}}],"collection":[{"href":"https:\/\/www.zweiuebernull.de\/index.php\/wp-json\/wp\/v2\/episodes"}],"about":[{"href":"https:\/\/www.zweiuebernull.de\/index.php\/wp-json\/wp\/v2\/types\/podcast"}],"author":[{"embeddable":true,"href":"https:\/\/www.zweiuebernull.de\/index.php\/wp-json\/wp\/v2\/users\/2"}],"replies":[{"embeddable":true,"href":"https:\/\/www.zweiuebernull.de\/index.php\/wp-json\/wp\/v2\/comments?post=1140"}],"version-history":[{"count":4,"href":"https:\/\/www.zweiuebernull.de\/index.php\/wp-json\/wp\/v2\/episodes\/1140\/revisions"}],"predecessor-version":[{"id":1145,"href":"https:\/\/www.zweiuebernull.de\/index.php\/wp-json\/wp\/v2\/episodes\/1140\/revisions\/1145"}],"wp:featuredmedia":[{"embeddable":true,"href":"https:\/\/www.zweiuebernull.de\/index.php\/wp-json\/wp\/v2\/media\/1141"}],"wp:attachment":[{"href":"https:\/\/www.zweiuebernull.de\/index.php\/wp-json\/wp\/v2\/media?parent=1140"}],"wp:term":[{"taxonomy":"post_tag","embeddable":true,"href":"https:\/\/www.zweiuebernull.de\/index.php\/wp-json\/wp\/v2\/tags?post=1140"}],"curies":[{"name":"wp","href":"https:\/\/api.w.org\/{rel}","templated":true}]}}